{"id":2079,"date":"2026-03-16T16:46:58","date_gmt":"2026-03-16T15:46:58","guid":{"rendered":"https:\/\/delegacio.eseiaat.upc.edu\/?page_id=2079"},"modified":"2026-03-16T16:47:00","modified_gmt":"2026-03-16T15:47:00","slug":"semana-cultural","status":"publish","type":"page","link":"https:\/\/delegacio.eseiaat.upc.edu\/?page_id=2079","title":{"rendered":"Semana cultural"},"content":{"rendered":"\n<p>La Semana Cultural es la fiesta m\u00e1s esperada de todo el campus universitario de Terrassa, organizada por la delegaci\u00f3n de estudiantes de la ESEIAAT, el CITM y la FOOT. Durante tres d\u00edas de mayo se disfrutan de eventos culturales, sociales y deportivos donde la fiesta est\u00e1 m\u00e1s que asegurada. Adem\u00e1s, podr\u00e1s competir con tus amigos\/as en la olimpiada de estudiantes y los\/las ganadores\/as tendr\u00e1n barra libre la \u00faltima hora del \u00faltimo d\u00eda antes de la macrofiesta. Sabiendo todo esto&#8230; \u00bfa qu\u00e9 esperas para venir?<\/p>\n\n\n\n<div data-wp-context=\"{ &quot;autoclose&quot;: false, &quot;accordionItems&quot;: [] }\" data-wp-interactive=\"core\/accordion\" role=\"group\" class=\"wp-block-accordion is-layout-flow wp-block-accordion-is-layout-flow\">\n<div data-wp-class--is-open=\"state.isOpen\" data-wp-context=\"{ &quot;id&quot;: &quot;accordion-item-1&quot;, &quot;openByDefault&quot;: false }\" data-wp-init=\"callbacks.initAccordionItems\" data-wp-on-window--hashchange=\"callbacks.hashChange\" class=\"wp-block-accordion-item is-layout-flow wp-block-accordion-item-is-layout-flow\">\n<h3 class=\"wp-block-accordion-heading\"><button aria-expanded=\"false\" aria-controls=\"accordion-item-1-panel\" data-wp-bind--aria-expanded=\"state.isOpen\" data-wp-on--click=\"actions.toggle\" data-wp-on--keydown=\"actions.handleKeyDown\" id=\"accordion-item-1\" type=\"button\" class=\"wp-block-accordion-heading__toggle\"><span class=\"wp-block-accordion-heading__toggle-title\">Actividades Culturales<\/span><span class=\"wp-block-accordion-heading__toggle-icon\" aria-hidden=\"true\">+<\/span><\/button><\/h3>\n\n\n\n<div inert aria-labelledby=\"accordion-item-1\" data-wp-bind--inert=\"!state.isOpen\" id=\"accordion-item-1-panel\" role=\"region\" class=\"wp-block-accordion-panel is-layout-flow wp-block-accordion-panel-is-layout-flow\">\n<p><strong>Quinto: <\/strong>Juega al quinto m\u00e1s famoso de todo el Vall\u00e8s, donde si aciertas te llevas un premio seguro. \u00a1Participa, r\u00ede y vive el campus de una manera diferente!<\/p>\n\n\n\n<div class=\"wp-block-media-text is-stacked-on-mobile\" style=\"grid-template-columns:32% auto\"><figure class=\"wp-block-media-text__media\"><img loading=\"lazy\" decoding=\"async\" width=\"409\" height=\"516\" src=\"https:\/\/delegacio.eseiaat.upc.edu\/wp-content\/uploads\/2026\/03\/bergants-bona-4.jpg\" alt=\"\" class=\"wp-image-2085 size-full\" srcset=\"https:\/\/delegacio.eseiaat.upc.edu\/wp-content\/uploads\/2026\/03\/bergants-bona-4.jpg 409w, https:\/\/delegacio.eseiaat.upc.edu\/wp-content\/uploads\/2026\/03\/bergants-bona-4-238x300.jpg 238w\" sizes=\"auto, (max-width: 409px) 100vw, 409px\" \/><\/figure><div class=\"wp-block-media-text__content\">\n<p><strong>Grupo Castellers:<\/strong> La agrupaci\u00f3n de castellers del campus de Terrassa, fundada en 2013, realiza una exhibici\u00f3n de sus mejores castillos, los cuales se preparan durante todo el a\u00f1o. Entre sus mejores castillos destacan: el 3 de 8 con folre, el 5 de 7 y el 4 de 7 con aguja. De esta manera, podr\u00e1s ver c\u00f3mo hacen pi\u00f1a y decidir si quieres formar parte del equipo.<\/p>\n<\/div><\/div>\n\n\n\n<p><\/p>\n\n\n\n<p><strong>Coro UPC:<\/strong> El coro UPC abre sus puertas a todos los que quieran disfrutar de la \u00faltima obra que se preparan. Ac\u00e9rcate a escucharlos para descubrir qui\u00e9nes son y as\u00ed poder compartir la m\u00fasica entre todos.<\/p>\n\n\n<div class=\"wp-block-image\">\n<figure class=\"aligncenter size-large is-resized\"><img loading=\"lazy\" decoding=\"async\" width=\"1024\" height=\"576\" src=\"https:\/\/delegacio.eseiaat.upc.edu\/wp-content\/uploads\/2026\/03\/IMG_20250514_215225-1-1024x576.jpg\" alt=\"\" class=\"wp-image-2090\" style=\"width:564px;height:auto\" srcset=\"https:\/\/delegacio.eseiaat.upc.edu\/wp-content\/uploads\/2026\/03\/IMG_20250514_215225-1-1024x576.jpg 1024w, https:\/\/delegacio.eseiaat.upc.edu\/wp-content\/uploads\/2026\/03\/IMG_20250514_215225-1-300x169.jpg 300w, https:\/\/delegacio.eseiaat.upc.edu\/wp-content\/uploads\/2026\/03\/IMG_20250514_215225-1-768x432.jpg 768w, https:\/\/delegacio.eseiaat.upc.edu\/wp-content\/uploads\/2026\/03\/IMG_20250514_215225-1-1536x864.jpg 1536w, https:\/\/delegacio.eseiaat.upc.edu\/wp-content\/uploads\/2026\/03\/IMG_20250514_215225-1-2048x1152.jpg 2048w\" sizes=\"auto, (max-width: 1024px) 100vw, 1024px\" \/><\/figure>\n<\/div><\/div>\n<\/div>\n<\/div>\n\n\n\n<div data-wp-context=\"{ &quot;autoclose&quot;: false, &quot;accordionItems&quot;: [] }\" data-wp-interactive=\"core\/accordion\" role=\"group\" class=\"wp-block-accordion is-layout-flow wp-block-accordion-is-layout-flow\">\n<div data-wp-class--is-open=\"state.isOpen\" data-wp-context=\"{ &quot;id&quot;: &quot;accordion-item-2&quot;, &quot;openByDefault&quot;: false }\" data-wp-init=\"callbacks.initAccordionItems\" data-wp-on-window--hashchange=\"callbacks.hashChange\" class=\"wp-block-accordion-item is-layout-flow wp-block-accordion-item-is-layout-flow\">\n<h3 class=\"wp-block-accordion-heading\"><button aria-expanded=\"false\" aria-controls=\"accordion-item-2-panel\" data-wp-bind--aria-expanded=\"state.isOpen\" data-wp-on--click=\"actions.toggle\" data-wp-on--keydown=\"actions.handleKeyDown\" id=\"accordion-item-2\" type=\"button\" class=\"wp-block-accordion-heading__toggle\"><span class=\"wp-block-accordion-heading__toggle-title\">Actividades Sociales<\/span><span class=\"wp-block-accordion-heading__toggle-icon\" aria-hidden=\"true\">+<\/span><\/button><\/h3>\n\n\n\n<div inert aria-labelledby=\"accordion-item-2\" data-wp-bind--inert=\"!state.isOpen\" id=\"accordion-item-2-panel\" role=\"region\" class=\"wp-block-accordion-panel is-layout-flow wp-block-accordion-panel-is-layout-flow\">\n<p><strong>Concurso de paellas: <\/strong>Cada d\u00eda puedes alquilar el material necesario para poder cocinar, junto con tus amigos, la paella que m\u00e1s te guste. Adem\u00e1s, el jueves, podr\u00e1s participar en un concurso para escoger la mejor paella de todas.<\/p>\n\n\n\n<p><strong>Beer-pong: <\/strong>Uno de los cl\u00e1sicos de cada a\u00f1o y que no puede faltar. Vasos de cerveza, pelotas de ping-pong y mucha (o poca) punter\u00eda. Es tan sencillo como adictivo, y tan competitivo como una final ol\u00edmpica\u2026 \u00a1ven y participa para pasarlo bien un rato!<\/p>\n\n\n\n<p><strong>Nintendo Switch:<\/strong> Mario kart, Super smash bros, Tenis, bolos\u2026 Si eres un aficionado del mundo de los videojuegos no te puedes perder todas estas actividades. Pasa una ma\u00f1ana jugando a la Switch con los tuyos compartiendo risas y mucha competencia.<\/p>\n<\/div>\n<\/div>\n<\/div>\n\n\n\n<div data-wp-context=\"{ &quot;autoclose&quot;: false, &quot;accordionItems&quot;: [] }\" data-wp-interactive=\"core\/accordion\" role=\"group\" class=\"wp-block-accordion is-layout-flow wp-block-accordion-is-layout-flow\">\n<div data-wp-class--is-open=\"state.isOpen\" data-wp-context=\"{ &quot;id&quot;: &quot;accordion-item-3&quot;, &quot;openByDefault&quot;: false }\" data-wp-init=\"callbacks.initAccordionItems\" data-wp-on-window--hashchange=\"callbacks.hashChange\" class=\"wp-block-accordion-item is-layout-flow wp-block-accordion-item-is-layout-flow\">\n<h3 class=\"wp-block-accordion-heading\"><button aria-expanded=\"false\" aria-controls=\"accordion-item-3-panel\" data-wp-bind--aria-expanded=\"state.isOpen\" data-wp-on--click=\"actions.toggle\" data-wp-on--keydown=\"actions.handleKeyDown\" id=\"accordion-item-3\" type=\"button\" class=\"wp-block-accordion-heading__toggle\"><span class=\"wp-block-accordion-heading__toggle-title\">Actividades Deportivas<\/span><span class=\"wp-block-accordion-heading__toggle-icon\" aria-hidden=\"true\">+<\/span><\/button><\/h3>\n\n\n\n<div inert aria-labelledby=\"accordion-item-3\" data-wp-bind--inert=\"!state.isOpen\" id=\"accordion-item-3-panel\" role=\"region\" class=\"wp-block-accordion-panel is-layout-flow wp-block-accordion-panel-is-layout-flow\">\n<p><strong>Torneo de ajedrez: <\/strong>Ponte a prueba y comparte en la biblioteca del campus tus conocimientos para derrotar a tu rival en el torneo de ajedrez. \u00a1Que gane el cerebro m\u00e1s r\u00e1pido!<\/p>\n\n\n\n<p><strong>Torneo de deportes: <\/strong>F\u00fatbol femenino, p\u00e1del, voleibol, baloncesto\u2026 Si no sabes estar quieto y quieres demostrar tu talento, demu\u00e9stralo participando en cualquiera de estos torneos.<\/p>\n\n\n\n<div class=\"wp-block-media-text is-stacked-on-mobile\"><figure class=\"wp-block-media-text__media\"><img loading=\"lazy\" decoding=\"async\" width=\"807\" height=\"495\" src=\"https:\/\/delegacio.eseiaat.upc.edu\/wp-content\/uploads\/2026\/03\/cursa-1.jpg\" alt=\"\" class=\"wp-image-2088 size-full\" srcset=\"https:\/\/delegacio.eseiaat.upc.edu\/wp-content\/uploads\/2026\/03\/cursa-1.jpg 807w, https:\/\/delegacio.eseiaat.upc.edu\/wp-content\/uploads\/2026\/03\/cursa-1-300x184.jpg 300w, https:\/\/delegacio.eseiaat.upc.edu\/wp-content\/uploads\/2026\/03\/cursa-1-768x471.jpg 768w\" sizes=\"auto, (max-width: 807px) 100vw, 807px\" \/><\/figure><div class=\"wp-block-media-text__content\">\n<p><strong>Cursa SC: <\/strong>Para terminar la jornada deportiva puedes participar en la carrera a pie de cinco kil\u00f3metros por el parque de Vallparad\u00eds y disfrutar de una ma\u00f1ana llena de energ\u00eda y velocidad. Adem\u00e1s, si no terminas muy cansado podr\u00e1s disfrutar de una fiesta de la espuma al llegar a la meta.<\/p>\n<\/div><\/div>\n<\/div>\n<\/div>\n<\/div>\n\n\n\n<div data-wp-context=\"{ &quot;autoclose&quot;: false, &quot;accordionItems&quot;: [] }\" data-wp-interactive=\"core\/accordion\" role=\"group\" class=\"wp-block-accordion is-layout-flow wp-block-accordion-is-layout-flow\">\n<div data-wp-class--is-open=\"state.isOpen\" data-wp-context=\"{ &quot;id&quot;: &quot;accordion-item-4&quot;, &quot;openByDefault&quot;: false }\" data-wp-init=\"callbacks.initAccordionItems\" data-wp-on-window--hashchange=\"callbacks.hashChange\" class=\"wp-block-accordion-item is-layout-flow wp-block-accordion-item-is-layout-flow\">\n<h3 class=\"wp-block-accordion-heading\"><button aria-expanded=\"false\" aria-controls=\"accordion-item-4-panel\" data-wp-bind--aria-expanded=\"state.isOpen\" data-wp-on--click=\"actions.toggle\" data-wp-on--keydown=\"actions.handleKeyDown\" id=\"accordion-item-4\" type=\"button\" class=\"wp-block-accordion-heading__toggle\"><span class=\"wp-block-accordion-heading__toggle-title\">Macrofarra<\/span><span class=\"wp-block-accordion-heading__toggle-icon\" aria-hidden=\"true\">+<\/span><\/button><\/h3>\n\n\n\n<div inert aria-labelledby=\"accordion-item-4\" data-wp-bind--inert=\"!state.isOpen\" id=\"accordion-item-4-panel\" role=\"region\" class=\"wp-block-accordion-panel is-layout-flow wp-block-accordion-panel-is-layout-flow\">\n<p>Y por si no tienes suficiente con esto\u2026 jueves, al terminarse la \u00faltima sesi\u00f3n de DJ en la plaza del campus, podr\u00e1s continuar la fiesta en la macrofarra. En el local Ball Vall\u00e8s puedes disfrutar de m\u00e1s m\u00fasica, bebidas y buen ambiente hasta la madrugada.<\/p>\n\n\n\n<p>Adem\u00e1s, si no tienes c\u00f3mo llegar puedes optar por el servicio de autobuses que funcionar\u00e1 durante las horas punta de la noche (tanto de ida como de vuelta) desde el local hasta la facultad. \u00bfTe vas a perder una fiesta como esta? Que no te gane el FOMO\u2026 \u00a1quieres venir y lo sabes!<\/p>\n\n\n\n<p>\u00a1Te esperamos!<\/p>\n<\/div>\n<\/div>\n<\/div>\n\n\n\n<p>Por supuesto, toda la fiesta estar\u00e1 acompa\u00f1ada de buena m\u00fasica con DJ y m\u00fasicos todas las tardes en la plaza del campus, donde tambi\u00e9n podr\u00e1s contar con el servicio de barra y pedir lo que quieras. \u00a1T\u00fa mismo puedes participar si quieres demostrar tu talento, si eres DJ o tienes un grupo de m\u00fasica no dudes en contactarnos!<\/p>\n\n\n\n<p>Algunos de nuestros DJ m\u00e1s conocidos son:<\/p>\n\n\n\n<div class=\"wp-block-media-text is-stacked-on-mobile\" style=\"grid-template-columns:33% auto\"><figure class=\"wp-block-media-text__media\"><img loading=\"lazy\" decoding=\"async\" width=\"392\" height=\"418\" src=\"https:\/\/delegacio.eseiaat.upc.edu\/wp-content\/uploads\/2026\/03\/mon-dj-1.jpg\" alt=\"\" class=\"wp-image-2091 size-full\" srcset=\"https:\/\/delegacio.eseiaat.upc.edu\/wp-content\/uploads\/2026\/03\/mon-dj-1.jpg 392w, https:\/\/delegacio.eseiaat.upc.edu\/wp-content\/uploads\/2026\/03\/mon-dj-1-281x300.jpg 281w\" sizes=\"auto, (max-width: 392px) 100vw, 392px\" \/><\/figure><div class=\"wp-block-media-text__content\">\n<p><strong>Mon DJ: <\/strong>Cuenta con m\u00e1s de 10 a\u00f1os de experiencia y es uno de los DJ con mayor proyecci\u00f3n internacional. Ha colaborado con nosotros en varias ocasiones haciendo saltar a toda la UPC.<\/p>\n<\/div><\/div>\n\n\n\n<div class=\"wp-block-media-text has-media-on-the-right is-stacked-on-mobile\" style=\"grid-template-columns:auto 47%\"><div class=\"wp-block-media-text__content\">\n<p><strong>DJ BACARDIT: <\/strong>Uno de los DJ m\u00e1s famosos de TikTok donde su lema es gas gas gassss\u2026 Con \u00e9l la fiesta est\u00e1 100% asegurada.<\/p>\n<\/div><figure class=\"wp-block-media-text__media\"><img loading=\"lazy\" decoding=\"async\" width=\"373\" height=\"229\" src=\"https:\/\/delegacio.eseiaat.upc.edu\/wp-content\/uploads\/2026\/03\/DJ-BACARDIT-1.jpg\" alt=\"\" class=\"wp-image-2092 size-full\" srcset=\"https:\/\/delegacio.eseiaat.upc.edu\/wp-content\/uploads\/2026\/03\/DJ-BACARDIT-1.jpg 373w, https:\/\/delegacio.eseiaat.upc.edu\/wp-content\/uploads\/2026\/03\/DJ-BACARDIT-1-300x184.jpg 300w\" sizes=\"auto, (max-width: 373px) 100vw, 373px\" \/><\/figure><\/div>\n\n\n\n<div class=\"wp-block-media-text is-stacked-on-mobile\" style=\"grid-template-columns:33% auto\"><figure class=\"wp-block-media-text__media\"><img loading=\"lazy\" decoding=\"async\" width=\"431\" height=\"511\" src=\"https:\/\/delegacio.eseiaat.upc.edu\/wp-content\/uploads\/2026\/03\/dj-trapella-1.jpg\" alt=\"\" class=\"wp-image-2093 size-full\" srcset=\"https:\/\/delegacio.eseiaat.upc.edu\/wp-content\/uploads\/2026\/03\/dj-trapella-1.jpg 431w, https:\/\/delegacio.eseiaat.upc.edu\/wp-content\/uploads\/2026\/03\/dj-trapella-1-253x300.jpg 253w\" sizes=\"auto, (max-width: 431px) 100vw, 431px\" \/><\/figure><div class=\"wp-block-media-text__content\">\n<p><strong>DJ Trapella: <\/strong>DJ residente en salas como Apolo, Clap o Razzmatazz, donde sus mezclas de sonidos alternativos y mainstream te har\u00e1n disfrutar hasta que ya no puedas m\u00e1s.<\/p>\n<\/div><\/div>\n\n\n\n<p>Si quieres saber m\u00e1s de la semana cultural, puedes buscarnos en redes y no perderte nada de lo que pase!<\/p>\n\n\n<a class=\"wp-block-read-more\" href=\"https:\/\/delegacio.eseiaat.upc.edu\/?page_id=2079\" target=\"_self\"><a href=\"https:\/\/www.instagram.com\/setmanacultural\/\">(3) Instagram<\/a><span class=\"screen-reader-text\">: Semana cultural<\/span><\/a>\n\n\n<p><\/p>\n","protected":false},"excerpt":{"rendered":"<p>La Semana Cultural es la fiesta m\u00e1s esperada de todo el campus universitario de Terrassa, organizada por la delegaci\u00f3n de estudiantes de la ESEIAAT, el CITM y la FOOT. Durante tres d\u00edas de mayo se disfrutan de eventos culturales, sociales y deportivos donde la fiesta est\u00e1 m\u00e1s que asegurada. Adem\u00e1s, [&hellip;]<\/p>\n","protected":false},"author":1,"featured_media":0,"parent":0,"menu_order":0,"comment_status":"closed","ping_status":"closed","template":"","meta":{"footnotes":""},"class_list":["post-2079","page","type-page","status-publish","hentry"],"_links":{"self":[{"href":"https:\/\/delegacio.eseiaat.upc.edu\/index.php?rest_route=\/wp\/v2\/pages\/2079","targetHints":{"allow":["GET"]}}],"collection":[{"href":"https:\/\/delegacio.eseiaat.upc.edu\/index.php?rest_route=\/wp\/v2\/pages"}],"about":[{"href":"https:\/\/delegacio.eseiaat.upc.edu\/index.php?rest_route=\/wp\/v2\/types\/page"}],"author":[{"embeddable":true,"href":"https:\/\/delegacio.eseiaat.upc.edu\/index.php?rest_route=\/wp\/v2\/users\/1"}],"replies":[{"embeddable":true,"href":"https:\/\/delegacio.eseiaat.upc.edu\/index.php?rest_route=%2Fwp%2Fv2%2Fcomments&post=2079"}],"version-history":[{"count":6,"href":"https:\/\/delegacio.eseiaat.upc.edu\/index.php?rest_route=\/wp\/v2\/pages\/2079\/revisions"}],"predecessor-version":[{"id":2094,"href":"https:\/\/delegacio.eseiaat.upc.edu\/index.php?rest_route=\/wp\/v2\/pages\/2079\/revisions\/2094"}],"wp:attachment":[{"href":"https:\/\/delegacio.eseiaat.upc.edu\/index.php?rest_route=%2Fwp%2Fv2%2Fmedia&parent=2079"}],"curies":[{"name":"wp","href":"https:\/\/api.w.org\/{rel}","templated":true}]}}