{"id":1979,"date":"2026-03-06T13:41:36","date_gmt":"2026-03-06T12:41:36","guid":{"rendered":"https:\/\/delegacio.eseiaat.upc.edu\/?page_id=1979"},"modified":"2026-03-06T13:41:40","modified_gmt":"2026-03-06T12:41:40","slug":"setmana-cultural","status":"publish","type":"page","link":"https:\/\/delegacio.eseiaat.upc.edu\/?page_id=1979","title":{"rendered":"Setmana Cultural"},"content":{"rendered":"\n<p class=\"has-text-align-left\">La setmana Cultural \u00e9s la festa m\u00e9s esperada de tot el campus universitari de Terrassa, organitzada per la delegaci\u00f3 d\u2019estudiants de l\u2019ESEIAAT, el CITM i la FOOT. Durant tres dies de maig es gaudeix d\u2019esdeveniments culturals, socials i esportius on la festa est\u00e0 m\u00e9s que assegurada. A m\u00e9s a m\u00e9s, podr\u00e0s competir amb els teus amics\/gues en la olimp\u00edada d&#8217;estudiants i els\/les guanyadors\/es tindran barra lliure l&#8217;\u00faltima hora de l&#8217;\u00faltim dia abans de la macrofarra. Sabent tot aix\u00f2&#8230; a qu\u00e8 esperes a venir?<\/p>\n\n\n\n<div data-wp-context=\"{ &quot;autoclose&quot;: false, &quot;accordionItems&quot;: [] }\" data-wp-interactive=\"core\/accordion\" role=\"group\" class=\"wp-block-accordion is-layout-flow wp-block-accordion-is-layout-flow\">\n<div data-wp-class--is-open=\"state.isOpen\" data-wp-context=\"{ &quot;id&quot;: &quot;accordion-item-1&quot;, &quot;openByDefault&quot;: false }\" data-wp-init=\"callbacks.initAccordionItems\" data-wp-on-window--hashchange=\"callbacks.hashChange\" class=\"wp-block-accordion-item is-layout-flow wp-block-accordion-item-is-layout-flow\">\n<h3 class=\"wp-block-accordion-heading\"><button aria-expanded=\"false\" aria-controls=\"accordion-item-1-panel\" data-wp-bind--aria-expanded=\"state.isOpen\" data-wp-on--click=\"actions.toggle\" data-wp-on--keydown=\"actions.handleKeyDown\" id=\"accordion-item-1\" type=\"button\" class=\"wp-block-accordion-heading__toggle\"><span class=\"wp-block-accordion-heading__toggle-title\">Activitats culturals<\/span><span class=\"wp-block-accordion-heading__toggle-icon\" aria-hidden=\"true\">+<\/span><\/button><\/h3>\n\n\n\n<div inert aria-labelledby=\"accordion-item-1\" data-wp-bind--inert=\"!state.isOpen\" id=\"accordion-item-1-panel\" role=\"region\" class=\"wp-block-accordion-panel is-layout-flow wp-block-accordion-panel-is-layout-flow\">\n<p><strong>Quinto<\/strong> : Juga al quinto m\u00e9s fam\u00f3s de tot el Vall\u00e8s, on si piques t&#8217;emportes un premi segur. Participa, riu i viu el campus d&#8217;una manera diferent!<\/p>\n\n\n\n<div class=\"wp-block-media-text is-stacked-on-mobile\" style=\"grid-template-columns:33% auto\"><figure class=\"wp-block-media-text__media\"><img loading=\"lazy\" decoding=\"async\" width=\"409\" height=\"516\" src=\"https:\/\/delegacio.eseiaat.upc.edu\/wp-content\/uploads\/2026\/03\/bergants-bona-1.jpg\" alt=\"\" class=\"wp-image-2007 size-full\" srcset=\"https:\/\/delegacio.eseiaat.upc.edu\/wp-content\/uploads\/2026\/03\/bergants-bona-1.jpg 409w, https:\/\/delegacio.eseiaat.upc.edu\/wp-content\/uploads\/2026\/03\/bergants-bona-1-238x300.jpg 238w\" sizes=\"auto, (max-width: 409px) 100vw, 409px\" \/><\/figure><div class=\"wp-block-media-text__content\">\n<p><strong>Pilar Bergants<\/strong> : La colla de castellers del campus de Terrassa, fundada al 2013, fa una exhibici\u00f3 dels seus millors castells, els quals es preparen durant tot l&#8217;any. Entre els seus millors castells destaquen: el 3 de 8 amb folre, el 5 de 7 i el 4 de 7 amb agulla. D&#8217;aquesta manera podr\u00e0s veure com fan pinya i decidir si vols formar part de l&#8217;equip!<\/p>\n<\/div><\/div>\n\n\n\n<p><strong>Cor UPC<\/strong> : El cor UPC obre les seves portes a tots els qui vulguin disfrutar de l&#8217;\u00faltima obra que es preparen. Acosta&#8217;t a escoltar-los per descobrir qui s\u00f3n i aix\u00ed poder compartir la m\u00fasica entre tots.<\/p>\n\n\n<div class=\"wp-block-image\">\n<figure class=\"aligncenter size-large is-resized\"><img loading=\"lazy\" decoding=\"async\" width=\"1024\" height=\"576\" src=\"https:\/\/delegacio.eseiaat.upc.edu\/wp-content\/uploads\/2026\/03\/IMG_20250514_215225-1024x576.jpg\" alt=\"\" class=\"wp-image-2004\" style=\"width:516px;height:auto\" srcset=\"https:\/\/delegacio.eseiaat.upc.edu\/wp-content\/uploads\/2026\/03\/IMG_20250514_215225-1024x576.jpg 1024w, https:\/\/delegacio.eseiaat.upc.edu\/wp-content\/uploads\/2026\/03\/IMG_20250514_215225-300x169.jpg 300w, https:\/\/delegacio.eseiaat.upc.edu\/wp-content\/uploads\/2026\/03\/IMG_20250514_215225-768x432.jpg 768w, https:\/\/delegacio.eseiaat.upc.edu\/wp-content\/uploads\/2026\/03\/IMG_20250514_215225-1536x864.jpg 1536w, https:\/\/delegacio.eseiaat.upc.edu\/wp-content\/uploads\/2026\/03\/IMG_20250514_215225-2048x1152.jpg 2048w\" sizes=\"auto, (max-width: 1024px) 100vw, 1024px\" \/><\/figure>\n<\/div><\/div>\n<\/div>\n<\/div>\n\n\n\n<div data-wp-context=\"{ &quot;autoclose&quot;: false, &quot;accordionItems&quot;: [] }\" data-wp-interactive=\"core\/accordion\" role=\"group\" class=\"wp-block-accordion is-layout-flow wp-block-accordion-is-layout-flow\">\n<div data-wp-class--is-open=\"state.isOpen\" data-wp-context=\"{ &quot;id&quot;: &quot;accordion-item-2&quot;, &quot;openByDefault&quot;: false }\" data-wp-init=\"callbacks.initAccordionItems\" data-wp-on-window--hashchange=\"callbacks.hashChange\" class=\"wp-block-accordion-item is-layout-flow wp-block-accordion-item-is-layout-flow\">\n<h3 class=\"wp-block-accordion-heading\"><button aria-expanded=\"false\" aria-controls=\"accordion-item-2-panel\" data-wp-bind--aria-expanded=\"state.isOpen\" data-wp-on--click=\"actions.toggle\" data-wp-on--keydown=\"actions.handleKeyDown\" id=\"accordion-item-2\" type=\"button\" class=\"wp-block-accordion-heading__toggle\"><span class=\"wp-block-accordion-heading__toggle-title\">Activitats socials<\/span><span class=\"wp-block-accordion-heading__toggle-icon\" aria-hidden=\"true\">+<\/span><\/button><\/h3>\n\n\n\n<div inert aria-labelledby=\"accordion-item-2\" data-wp-bind--inert=\"!state.isOpen\" id=\"accordion-item-2-panel\" role=\"region\" class=\"wp-block-accordion-panel is-layout-flow wp-block-accordion-panel-is-layout-flow\">\n<p><strong>Concurs de paelles<\/strong> : Cada dia pots llogar el material necess\u00e0ri per poder cuinar, juntament amb els teus amics, la paella que m\u00e9s t&#8217;agradi. A part, dijous, podr\u00e0s participar en un concurs per escollir la millor paella de totes.<\/p>\n\n\n\n<p><strong>Beer-pong<\/strong> : Un dels cl\u00e0ssics de cada any i que no pot faltar. Gots de cervesa, pilotes de ping-pong i molta (o poca) punteria. \u00c9s tan senzill com addictiu, i tan competitiu com una final ol\u00edmpica&#8230; vine i participa per passar-t&#8217;ho b\u00e9 una estona!<\/p>\n\n\n\n<p><strong>Nintendo Switch<\/strong> : Mario kart, Super smash bros, Tennis, bolos&#8230; Si ets un aficionat del m\u00f3n dels videojocs no et pots perdre totes aquestes activitats. Passa un mat\u00ed jugant a la Switch amb els teus compartint riures i molta compet\u00e8ncia.<\/p>\n<\/div>\n<\/div>\n<\/div>\n\n\n\n<div data-wp-context=\"{ &quot;autoclose&quot;: false, &quot;accordionItems&quot;: [] }\" data-wp-interactive=\"core\/accordion\" role=\"group\" class=\"wp-block-accordion is-layout-flow wp-block-accordion-is-layout-flow\">\n<div data-wp-class--is-open=\"state.isOpen\" data-wp-context=\"{ &quot;id&quot;: &quot;accordion-item-3&quot;, &quot;openByDefault&quot;: false }\" data-wp-init=\"callbacks.initAccordionItems\" data-wp-on-window--hashchange=\"callbacks.hashChange\" class=\"wp-block-accordion-item is-layout-flow wp-block-accordion-item-is-layout-flow\">\n<h3 class=\"wp-block-accordion-heading\"><button aria-expanded=\"false\" aria-controls=\"accordion-item-3-panel\" data-wp-bind--aria-expanded=\"state.isOpen\" data-wp-on--click=\"actions.toggle\" data-wp-on--keydown=\"actions.handleKeyDown\" id=\"accordion-item-3\" type=\"button\" class=\"wp-block-accordion-heading__toggle\"><span class=\"wp-block-accordion-heading__toggle-title\">Activitats esportives<\/span><span class=\"wp-block-accordion-heading__toggle-icon\" aria-hidden=\"true\">+<\/span><\/button><\/h3>\n\n\n\n<div inert aria-labelledby=\"accordion-item-3\" data-wp-bind--inert=\"!state.isOpen\" id=\"accordion-item-3-panel\" role=\"region\" class=\"wp-block-accordion-panel is-layout-flow wp-block-accordion-panel-is-layout-flow\">\n<p><strong>Torneig d&#8217;escacs<\/strong> : Posa&#8217;t a proba i comparteix a la biblioteca del campus els teus coneixements per abatir al teu rival en el torneig d&#8217;escacs. Que guanyi el cervell m\u00e9s r\u00e0pid!<\/p>\n\n\n\n<p><strong>Torneig d&#8217;esports : <\/strong>Futbol femen\u00ed, p\u00e0del, volei, b\u00e0squet&#8230; Si ets un cul inquiet i vols demostrar el teu talent, demostra-ho participant en qualsevol d&#8217;aquests tornejos.<\/p>\n\n\n\n<div class=\"wp-block-media-text is-stacked-on-mobile\"><figure class=\"wp-block-media-text__media\"><img loading=\"lazy\" decoding=\"async\" width=\"807\" height=\"495\" src=\"https:\/\/delegacio.eseiaat.upc.edu\/wp-content\/uploads\/2026\/03\/cursa.jpg\" alt=\"\" class=\"wp-image-2009 size-full\" srcset=\"https:\/\/delegacio.eseiaat.upc.edu\/wp-content\/uploads\/2026\/03\/cursa.jpg 807w, https:\/\/delegacio.eseiaat.upc.edu\/wp-content\/uploads\/2026\/03\/cursa-300x184.jpg 300w, https:\/\/delegacio.eseiaat.upc.edu\/wp-content\/uploads\/2026\/03\/cursa-768x471.jpg 768w\" sizes=\"auto, (max-width: 807px) 100vw, 807px\" \/><\/figure><div class=\"wp-block-media-text__content\">\n<p><strong>Cursa SC : <\/strong>Per acabar amb la jornada esportiva pots participar en la cursa a peu de cinc quil\u00f2metres per al parc de vallparad\u00eds i gaudir d&#8217;un mat\u00ed ple d&#8217;energia i velocitat. A m\u00e9s a m\u00e9s, si no acabes molt cansat podr\u00e0s gaudir d&#8217;una festa de l&#8217;escuma al arribar a meta.<\/p>\n<\/div><\/div>\n<\/div>\n<\/div>\n<\/div>\n\n\n\n<div data-wp-context=\"{ &quot;autoclose&quot;: false, &quot;accordionItems&quot;: [] }\" data-wp-interactive=\"core\/accordion\" role=\"group\" class=\"wp-block-accordion is-layout-flow wp-block-accordion-is-layout-flow\">\n<div data-wp-class--is-open=\"state.isOpen\" data-wp-context=\"{ &quot;id&quot;: &quot;accordion-item-4&quot;, &quot;openByDefault&quot;: false }\" data-wp-init=\"callbacks.initAccordionItems\" data-wp-on-window--hashchange=\"callbacks.hashChange\" class=\"wp-block-accordion-item is-layout-flow wp-block-accordion-item-is-layout-flow\">\n<h3 class=\"wp-block-accordion-heading\"><button aria-expanded=\"false\" aria-controls=\"accordion-item-4-panel\" data-wp-bind--aria-expanded=\"state.isOpen\" data-wp-on--click=\"actions.toggle\" data-wp-on--keydown=\"actions.handleKeyDown\" id=\"accordion-item-4\" type=\"button\" class=\"wp-block-accordion-heading__toggle\"><span class=\"wp-block-accordion-heading__toggle-title\">Macrofarra<\/span><span class=\"wp-block-accordion-heading__toggle-icon\" aria-hidden=\"true\">+<\/span><\/button><\/h3>\n\n\n\n<div inert aria-labelledby=\"accordion-item-4\" data-wp-bind--inert=\"!state.isOpen\" id=\"accordion-item-4-panel\" role=\"region\" class=\"wp-block-accordion-panel is-layout-flow wp-block-accordion-panel-is-layout-flow\">\n<p>I per si no tens prou amb aix\u00f2&#8230; dijous, al acabar-se l&#8217;\u00faltima sessi\u00f3 de DJ a pla\u00e7a campus, podr\u00e0s continuar la festa a la macrofarra. Al local Ball Vall\u00e8s pots gaudir de m\u00e9s m\u00fasica, begudes i bon ambient fins a la matinada.<\/p>\n\n\n\n<p>A m\u00e9s a m\u00e9s, si no tens com arribar pots optar al servei de busos que treballar\u00e0 durant les hores puntes de la nit (tant a l&#8217;anada com la tornada) des del local fins la facultat. Et perdr\u00e0s una festa com aquesta? Que no et guanyi el FOMO&#8230; vols venir i ho saps!!<\/p>\n\n\n\n<p>T&#8217;hi esperem!<\/p>\n<\/div>\n<\/div>\n<\/div>\n\n\n\n<p>Per descomptat, tota la festa estar\u00e0 acompanyada de bona m\u00fasica amb DJ i m\u00fasics totes les tardes a pla\u00e7a campus, on tamb\u00e9 podr\u00e0s comptar amb el servei de barra i demanar el que vulguis. Tu mateix pots participar si vols demostrar el teu talent, si ets DJ o tens un grup de m\u00fasica no dubtis en contactar-nos!<\/p>\n\n\n\n<p>Alguns dels nostres DJ m\u00e9s coneguts s\u00f3n:<\/p>\n\n\n\n<div class=\"wp-block-media-text is-stacked-on-mobile\" style=\"grid-template-columns:31% auto\"><figure class=\"wp-block-media-text__media\"><img loading=\"lazy\" decoding=\"async\" width=\"392\" height=\"418\" src=\"https:\/\/delegacio.eseiaat.upc.edu\/wp-content\/uploads\/2026\/03\/mon-dj.jpg\" alt=\"\" class=\"wp-image-1997 size-full\" srcset=\"https:\/\/delegacio.eseiaat.upc.edu\/wp-content\/uploads\/2026\/03\/mon-dj.jpg 392w, https:\/\/delegacio.eseiaat.upc.edu\/wp-content\/uploads\/2026\/03\/mon-dj-281x300.jpg 281w\" sizes=\"auto, (max-width: 392px) 100vw, 392px\" \/><\/figure><div class=\"wp-block-media-text__content\">\n<p><strong>Mon DJ : <\/strong>Compta amb m\u00e9s de 10 anys d&#8217;experi\u00e8ncia i \u00e9s un dels DJ amb major projecci\u00f3 internacional. Ha col\u00b7laborat amb nosaltres en varies ocasions fent saltar a tota la UPC.<\/p>\n<\/div><\/div>\n\n\n\n<div class=\"wp-block-media-text has-media-on-the-right is-stacked-on-mobile\" style=\"grid-template-columns:auto 40%\"><div class=\"wp-block-media-text__content\">\n<p><strong>DJ BACARDIT :<\/strong> Un dels DJ mes famosos de TikTok on el seu lema \u00e9s gas gas gassss&#8230; Amb ell la festa est\u00e0 100% assegurada.<\/p>\n<\/div><figure class=\"wp-block-media-text__media\"><img loading=\"lazy\" decoding=\"async\" width=\"373\" height=\"229\" src=\"https:\/\/delegacio.eseiaat.upc.edu\/wp-content\/uploads\/2026\/03\/DJ-BACARDIT.jpg\" alt=\"\" class=\"wp-image-1999 size-full\" srcset=\"https:\/\/delegacio.eseiaat.upc.edu\/wp-content\/uploads\/2026\/03\/DJ-BACARDIT.jpg 373w, https:\/\/delegacio.eseiaat.upc.edu\/wp-content\/uploads\/2026\/03\/DJ-BACARDIT-300x184.jpg 300w\" sizes=\"auto, (max-width: 373px) 100vw, 373px\" \/><\/figure><\/div>\n\n\n\n<div class=\"wp-block-media-text is-stacked-on-mobile\" style=\"grid-template-columns:30% auto\"><figure class=\"wp-block-media-text__media\"><img loading=\"lazy\" decoding=\"async\" width=\"431\" height=\"511\" src=\"https:\/\/delegacio.eseiaat.upc.edu\/wp-content\/uploads\/2026\/03\/dj-trapella.jpg\" alt=\"\" class=\"wp-image-2000 size-full\" srcset=\"https:\/\/delegacio.eseiaat.upc.edu\/wp-content\/uploads\/2026\/03\/dj-trapella.jpg 431w, https:\/\/delegacio.eseiaat.upc.edu\/wp-content\/uploads\/2026\/03\/dj-trapella-253x300.jpg 253w\" sizes=\"auto, (max-width: 431px) 100vw, 431px\" \/><\/figure><div class=\"wp-block-media-text__content\">\n<p><strong>DJ Trapella : <\/strong>DJ resident a sales com Apolo, Clap o Razzmatazz, on les seves mescles de sons alternatius i mainstream et faran gaudir fins que ja no puguis mes.<\/p>\n<\/div><\/div>\n\n\n\n<p><\/p>\n\n\n\n<p>Si vols saber m\u00e9s de la setmana cultural, pots buscar-nos a xarxes i no perdre&#8217;t res del que passi!<\/p>\n\n\n<a class=\"wp-block-read-more\" href=\"https:\/\/delegacio.eseiaat.upc.edu\/?page_id=1979\" target=\"_self\"><a href=\"https:\/\/www.instagram.com\/setmanacultural\/\">(7) Instagram<\/a><span class=\"screen-reader-text\">: Setmana Cultural<\/span><\/a>\n\n\n<p><\/p>\n","protected":false},"excerpt":{"rendered":"<p>La setmana Cultural \u00e9s la festa m\u00e9s esperada de tot el campus universitari de Terrassa, organitzada per la delegaci\u00f3 d\u2019estudiants de l\u2019ESEIAAT, el CITM i la FOOT. Durant tres dies de maig es gaudeix d\u2019esdeveniments culturals, socials i esportius on la festa est\u00e0 m\u00e9s que assegurada. A m\u00e9s a m\u00e9s, [&hellip;]<\/p>\n","protected":false},"author":1,"featured_media":0,"parent":0,"menu_order":0,"comment_status":"closed","ping_status":"closed","template":"","meta":{"footnotes":""},"class_list":["post-1979","page","type-page","status-publish","hentry"],"_links":{"self":[{"href":"https:\/\/delegacio.eseiaat.upc.edu\/index.php?rest_route=\/wp\/v2\/pages\/1979","targetHints":{"allow":["GET"]}}],"collection":[{"href":"https:\/\/delegacio.eseiaat.upc.edu\/index.php?rest_route=\/wp\/v2\/pages"}],"about":[{"href":"https:\/\/delegacio.eseiaat.upc.edu\/index.php?rest_route=\/wp\/v2\/types\/page"}],"author":[{"embeddable":true,"href":"https:\/\/delegacio.eseiaat.upc.edu\/index.php?rest_route=\/wp\/v2\/users\/1"}],"replies":[{"embeddable":true,"href":"https:\/\/delegacio.eseiaat.upc.edu\/index.php?rest_route=%2Fwp%2Fv2%2Fcomments&post=1979"}],"version-history":[{"count":23,"href":"https:\/\/delegacio.eseiaat.upc.edu\/index.php?rest_route=\/wp\/v2\/pages\/1979\/revisions"}],"predecessor-version":[{"id":2019,"href":"https:\/\/delegacio.eseiaat.upc.edu\/index.php?rest_route=\/wp\/v2\/pages\/1979\/revisions\/2019"}],"wp:attachment":[{"href":"https:\/\/delegacio.eseiaat.upc.edu\/index.php?rest_route=%2Fwp%2Fv2%2Fmedia&parent=1979"}],"curies":[{"name":"wp","href":"https:\/\/api.w.org\/{rel}","templated":true}]}}